{"id":44,"date":"2025-04-05T17:28:53","date_gmt":"2025-04-05T17:28:53","guid":{"rendered":"https:\/\/entrepreneurship.ruhr-uni-bochum.de\/?page_id=44"},"modified":"2025-05-19T09:31:22","modified_gmt":"2025-05-19T09:31:22","slug":"contact","status":"publish","type":"page","link":"https:\/\/entrepreneurship.ruhr-uni-bochum.de\/en\/contact\/","title":{"rendered":"Contact"},"content":{"rendered":"<div class=\"wp-block-group alignfull is-layout-constrained wp-block-group-is-layout-constrained\">\n<div class=\"wp-block-cover alignfull is-light\" style=\"padding-top:var(--wp--preset--spacing--40);padding-right:var(--wp--preset--spacing--60);padding-bottom:var(--wp--preset--spacing--40);padding-left:var(--wp--preset--spacing--60);min-height:218px;aspect-ratio:unset;\"><span aria-hidden=\"true\" class=\"wp-block-cover__background has-palette-color-1-background-color has-background-dim-0 has-background-dim\"><\/span><img loading=\"lazy\" decoding=\"async\" width=\"2560\" height=\"1439\" class=\"wp-block-cover__image-background wp-image-45\" alt=\"\" src=\"https:\/\/entrepreneurship.ruhr-uni-bochum.de\/wp-content\/uploads\/2025\/04\/RUB-Seminar-School-of-Design-Thinking-20241206-037-edited-scaled-2.jpg\" data-object-fit=\"cover\" srcset=\"https:\/\/entrepreneurship.ruhr-uni-bochum.de\/wp-content\/uploads\/2025\/04\/RUB-Seminar-School-of-Design-Thinking-20241206-037-edited-scaled-2.jpg 2560w, https:\/\/entrepreneurship.ruhr-uni-bochum.de\/wp-content\/uploads\/2025\/04\/RUB-Seminar-School-of-Design-Thinking-20241206-037-edited-scaled-2-300x169.jpg 300w, https:\/\/entrepreneurship.ruhr-uni-bochum.de\/wp-content\/uploads\/2025\/04\/RUB-Seminar-School-of-Design-Thinking-20241206-037-edited-scaled-2-1024x576.jpg 1024w, https:\/\/entrepreneurship.ruhr-uni-bochum.de\/wp-content\/uploads\/2025\/04\/RUB-Seminar-School-of-Design-Thinking-20241206-037-edited-scaled-2-768x432.jpg 768w, https:\/\/entrepreneurship.ruhr-uni-bochum.de\/wp-content\/uploads\/2025\/04\/RUB-Seminar-School-of-Design-Thinking-20241206-037-edited-scaled-2-1536x863.jpg 1536w, https:\/\/entrepreneurship.ruhr-uni-bochum.de\/wp-content\/uploads\/2025\/04\/RUB-Seminar-School-of-Design-Thinking-20241206-037-edited-scaled-2-2048x1151.jpg 2048w, https:\/\/entrepreneurship.ruhr-uni-bochum.de\/wp-content\/uploads\/2025\/04\/RUB-Seminar-School-of-Design-Thinking-20241206-037-edited-scaled-2-18x10.jpg 18w\" sizes=\"auto, (max-width: 2560px) 100vw, 2560px\" \/><div class=\"wp-block-cover__inner-container is-layout-flow wp-block-cover-is-layout-flow\">\n<div style=\"height:360px\" aria-hidden=\"true\" class=\"wp-block-spacer\"><\/div>\n<\/div><\/div>\n<\/div>\n\n\n\n<div style=\"height:30px\" aria-hidden=\"true\" class=\"wp-block-spacer\"><\/div>\n\n\n\n<div class=\"wp-block-group is-layout-constrained wp-block-group-is-layout-constrained\">\n<div class=\"wp-block-columns is-layout-flex wp-container-core-columns-is-layout-28f84493 wp-block-columns-is-layout-flex\">\n<div class=\"wp-block-column is-layout-flow wp-block-column-is-layout-flow\" style=\"flex-basis:50%\">\n<h2 class=\"wp-block-heading has-palette-color-1-color has-text-color has-link-color wp-elements-e1cd88e13f61782b233337a1de76287e\" style=\"border-style:none;border-width:0px\">Need Help planning your path?<\/h2>\n\n\n\n<p class=\"has-palette-color-1-color has-text-color has-link-color wp-elements-1d2cf83ccebf77583cae5ad270ac932e\">Our team is here to support you! If you have any questions about enrollment or planning your modules to achieve the certificate, don\u2019t hesitate to contact us!<\/p>\n\n\n\n<h5 class=\"wp-block-heading\">Start your journey toward becoming a certified entrepreneur at Ruhr University today!<\/h5>\n<\/div>\n\n\n\n<div class=\"wp-block-column is-layout-flow wp-block-column-is-layout-flow\" style=\"flex-basis:50%\">\n<div style=\"height:89px\" aria-hidden=\"true\" class=\"wp-block-spacer\"><\/div>\n\n\n\n<div class=\"wp-block-buttons alignwide is-content-justification-center is-layout-flex wp-container-core-buttons-is-layout-1fb448e7 wp-block-buttons-is-layout-flex\">\n<div class=\"wp-block-button is-style-fill\"><a class=\"wp-block-button__link wp-element-button\" href=\"mailto:vivian.peukersteinhaeuser@ruhr-uni-bochum.de\" style=\"border-style:none;border-width:0px;border-radius:10px;padding-top:var(--wp--preset--spacing--50);padding-right:var(--wp--preset--spacing--70);padding-bottom:var(--wp--preset--spacing--50);padding-left:var(--wp--preset--spacing--70)\" target=\"_blank\" rel=\"noreferrer noopener\">Get in touch!<\/a><\/div>\n<\/div>\n<\/div>\n<\/div>\n\n\n\n<div style=\"height:60px\" aria-hidden=\"true\" class=\"wp-block-spacer\"><\/div>\n<\/div>\n\n\n\n<div class=\"wp-block-group is-layout-constrained wp-block-group-is-layout-constrained\">\n<h2 class=\"wp-block-heading has-palette-color-1-color has-text-color has-link-color wp-elements-95ed7d058289e913a1c3a5da7c96534a\" style=\"border-style:none;border-width:0px\">Contact Persons<\/h2>\n\n\n\n<div style=\"height:20px\" aria-hidden=\"true\" class=\"wp-block-spacer\"><\/div>\n\n\n\n<div class=\"wp-block-columns is-layout-flex wp-container-core-columns-is-layout-28f84493 wp-block-columns-is-layout-flex\">\n<div class=\"wp-block-column is-layout-flow wp-block-column-is-layout-flow\" style=\"padding-right:0;padding-left:0;flex-basis:12%\">\n<figure class=\"wp-block-image size-full\"><img loading=\"lazy\" decoding=\"async\" width=\"1334\" height=\"1334\" src=\"https:\/\/entrepreneurship.ruhr-uni-bochum.de\/wp-content\/uploads\/2025\/05\/SB-Profilbild_klein.jpg\" alt=\"\" class=\"wp-image-205\" srcset=\"https:\/\/entrepreneurship.ruhr-uni-bochum.de\/wp-content\/uploads\/2025\/05\/SB-Profilbild_klein.jpg 1334w, https:\/\/entrepreneurship.ruhr-uni-bochum.de\/wp-content\/uploads\/2025\/05\/SB-Profilbild_klein-300x300.jpg 300w, https:\/\/entrepreneurship.ruhr-uni-bochum.de\/wp-content\/uploads\/2025\/05\/SB-Profilbild_klein-1024x1024.jpg 1024w, https:\/\/entrepreneurship.ruhr-uni-bochum.de\/wp-content\/uploads\/2025\/05\/SB-Profilbild_klein-150x150.jpg 150w, https:\/\/entrepreneurship.ruhr-uni-bochum.de\/wp-content\/uploads\/2025\/05\/SB-Profilbild_klein-768x768.jpg 768w, https:\/\/entrepreneurship.ruhr-uni-bochum.de\/wp-content\/uploads\/2025\/05\/SB-Profilbild_klein-12x12.jpg 12w\" sizes=\"auto, (max-width: 1334px) 100vw, 1334px\" \/><\/figure>\n<\/div>\n\n\n\n<div class=\"wp-block-column is-layout-flow wp-block-column-is-layout-flow\" style=\"flex-basis:38%\">\n<h5 class=\"wp-block-heading\">Prof. Dr. Stefanie&nbsp;Br\u00f6ring<\/h5>\n\n\n\n<p class=\"has-palette-color-2-color has-text-color has-link-color wp-elements-4375aaad1c479e7363c11208f1a7e4a2 translation-block\">Chair of Entrepreneurship and Innovative Business Models <br> Academic Director Worldfactory Start-up Center<\/p>\n\n\n\n<div style=\"height:50px\" aria-hidden=\"true\" class=\"wp-block-spacer\"><\/div>\n<\/div>\n\n\n\n<div class=\"wp-block-column is-layout-flow wp-block-column-is-layout-flow\" style=\"padding-right:0;padding-left:0;flex-basis:12%\">\n<figure class=\"wp-block-image size-full\"><img loading=\"lazy\" decoding=\"async\" width=\"2560\" height=\"2522\" src=\"https:\/\/entrepreneurship.ruhr-uni-bochum.de\/wp-content\/uploads\/2025\/05\/VPS-Profilbild_klein-scaled.jpg\" alt=\"\" class=\"wp-image-201\" srcset=\"https:\/\/entrepreneurship.ruhr-uni-bochum.de\/wp-content\/uploads\/2025\/05\/VPS-Profilbild_klein-scaled.jpg 2560w, https:\/\/entrepreneurship.ruhr-uni-bochum.de\/wp-content\/uploads\/2025\/05\/VPS-Profilbild_klein-300x296.jpg 300w, https:\/\/entrepreneurship.ruhr-uni-bochum.de\/wp-content\/uploads\/2025\/05\/VPS-Profilbild_klein-1024x1009.jpg 1024w, https:\/\/entrepreneurship.ruhr-uni-bochum.de\/wp-content\/uploads\/2025\/05\/VPS-Profilbild_klein-768x757.jpg 768w, https:\/\/entrepreneurship.ruhr-uni-bochum.de\/wp-content\/uploads\/2025\/05\/VPS-Profilbild_klein-1536x1513.jpg 1536w, https:\/\/entrepreneurship.ruhr-uni-bochum.de\/wp-content\/uploads\/2025\/05\/VPS-Profilbild_klein-2048x2018.jpg 2048w, https:\/\/entrepreneurship.ruhr-uni-bochum.de\/wp-content\/uploads\/2025\/05\/VPS-Profilbild_klein-12x12.jpg 12w\" sizes=\"auto, (max-width: 2560px) 100vw, 2560px\" \/><\/figure>\n<\/div>\n\n\n\n<div class=\"wp-block-column is-layout-flow wp-block-column-is-layout-flow\" style=\"flex-basis:38%\">\n<h5 class=\"wp-block-heading\">Dr. Vivian Peuker-Stein\u00e4user<\/h5>\n\n\n\n<p class=\"has-palette-color-2-color has-text-color has-link-color wp-elements-3732ec7ebdec5c576b90bceb08d4b3e3 translation-block\">Research Assistant and <br>\nEntrepreneurship Education Coordinator<\/p>\n\n\n\n<div style=\"height:50px\" aria-hidden=\"true\" class=\"wp-block-spacer\"><\/div>\n<\/div>\n<\/div>\n\n\n\n<div style=\"height:30px\" aria-hidden=\"true\" class=\"wp-block-spacer\"><\/div>\n\n\n\n<div class=\"wp-block-columns is-layout-flex wp-container-core-columns-is-layout-28f84493 wp-block-columns-is-layout-flex\">\n<div class=\"wp-block-column is-layout-flow wp-block-column-is-layout-flow\" style=\"padding-right:0;padding-left:0;flex-basis:12%\">\n<figure class=\"wp-block-image size-full\"><img loading=\"lazy\" decoding=\"async\" width=\"2560\" height=\"2524\" src=\"https:\/\/entrepreneurship.ruhr-uni-bochum.de\/wp-content\/uploads\/2025\/05\/SO-Profilbild_klein.2-scaled.jpg\" alt=\"\" class=\"wp-image-203\" srcset=\"https:\/\/entrepreneurship.ruhr-uni-bochum.de\/wp-content\/uploads\/2025\/05\/SO-Profilbild_klein.2-scaled.jpg 2560w, https:\/\/entrepreneurship.ruhr-uni-bochum.de\/wp-content\/uploads\/2025\/05\/SO-Profilbild_klein.2-300x296.jpg 300w, https:\/\/entrepreneurship.ruhr-uni-bochum.de\/wp-content\/uploads\/2025\/05\/SO-Profilbild_klein.2-1024x1010.jpg 1024w, https:\/\/entrepreneurship.ruhr-uni-bochum.de\/wp-content\/uploads\/2025\/05\/SO-Profilbild_klein.2-768x757.jpg 768w, https:\/\/entrepreneurship.ruhr-uni-bochum.de\/wp-content\/uploads\/2025\/05\/SO-Profilbild_klein.2-1536x1514.jpg 1536w, https:\/\/entrepreneurship.ruhr-uni-bochum.de\/wp-content\/uploads\/2025\/05\/SO-Profilbild_klein.2-2048x2019.jpg 2048w, https:\/\/entrepreneurship.ruhr-uni-bochum.de\/wp-content\/uploads\/2025\/05\/SO-Profilbild_klein.2-12x12.jpg 12w\" sizes=\"auto, (max-width: 2560px) 100vw, 2560px\" \/><\/figure>\n<\/div>\n\n\n\n<div class=\"wp-block-column is-layout-flow wp-block-column-is-layout-flow\" style=\"flex-basis:38%\">\n<h5 class=\"wp-block-heading\">Dr. Simon Ohlert<\/h5>\n\n\n\n<p class=\"has-palette-color-2-color has-text-color has-link-color wp-elements-16166141314b3a5a463662fdb128f22c\">Wissenschaftlicher Mitarbeiter und Ansprechpartner f\u00fcr Post-graduate Education<\/p>\n\n\n\n<div style=\"height:50px\" aria-hidden=\"true\" class=\"wp-block-spacer\"><\/div>\n<\/div>\n\n\n\n<div class=\"wp-block-column is-layout-flow wp-block-column-is-layout-flow\" style=\"padding-right:0;padding-left:0;flex-basis:12%\"><\/div>\n\n\n\n<div class=\"wp-block-column is-layout-flow wp-block-column-is-layout-flow\" style=\"flex-basis:38%\"><\/div>\n<\/div>\n<\/div>\n\n\n\n<div style=\"height:30px\" aria-hidden=\"true\" class=\"wp-block-spacer\"><\/div>\n\n\n\n<h2 class=\"wp-block-heading has-palette-color-1-color has-text-color has-link-color wp-elements-ea2d494c1ebb27f8163af3517a2b01a2\">How to find us<\/h2>\n\n\n\n<div class=\"wp-block-columns is-layout-flex wp-container-core-columns-is-layout-28f84493 wp-block-columns-is-layout-flex\">\n<div class=\"wp-block-column is-layout-flow wp-block-column-is-layout-flow\">\n<figure class=\"wp-block-image size-large\"><img loading=\"lazy\" decoding=\"async\" width=\"1024\" height=\"576\" src=\"https:\/\/entrepreneurship.ruhr-uni-bochum.de\/wp-content\/uploads\/2025\/04\/Karte-Anfahrt_2025_CEIT-edited-scaled-1-1024x576.jpg\" alt=\"\" class=\"wp-image-49\" srcset=\"https:\/\/entrepreneurship.ruhr-uni-bochum.de\/wp-content\/uploads\/2025\/04\/Karte-Anfahrt_2025_CEIT-edited-scaled-1-1024x576.jpg 1024w, https:\/\/entrepreneurship.ruhr-uni-bochum.de\/wp-content\/uploads\/2025\/04\/Karte-Anfahrt_2025_CEIT-edited-scaled-1-300x169.jpg 300w, https:\/\/entrepreneurship.ruhr-uni-bochum.de\/wp-content\/uploads\/2025\/04\/Karte-Anfahrt_2025_CEIT-edited-scaled-1-768x432.jpg 768w, https:\/\/entrepreneurship.ruhr-uni-bochum.de\/wp-content\/uploads\/2025\/04\/Karte-Anfahrt_2025_CEIT-edited-scaled-1-1536x865.jpg 1536w, https:\/\/entrepreneurship.ruhr-uni-bochum.de\/wp-content\/uploads\/2025\/04\/Karte-Anfahrt_2025_CEIT-edited-scaled-1-2048x1153.jpg 2048w, https:\/\/entrepreneurship.ruhr-uni-bochum.de\/wp-content\/uploads\/2025\/04\/Karte-Anfahrt_2025_CEIT-edited-scaled-1-18x10.jpg 18w\" sizes=\"auto, (max-width: 1024px) 100vw, 1024px\" \/><\/figure>\n<\/div>\n\n\n\n<div class=\"wp-block-column is-layout-flow wp-block-column-is-layout-flow\">\n<p class=\"has-palette-color-2-color has-text-color has-link-color wp-elements-417ded9f67810eba9514ba09f50b8ba8\">The chair is located on the 1st floor of the O-Werk at Mark 51\u00b07. The address is:<\/p>\n\n\n\n<p class=\"has-palette-color-2-color has-text-color has-link-color wp-elements-307da4d7e590be5425ef29bfcf2406a5\"><strong>Suttner-Nobel-Allee 4, 44803 Bochum<\/strong><\/p>\n\n\n\n<p class=\"has-palette-color-2-color has-text-color has-link-color wp-elements-04fc9f3ffecd135a9c106a6850efdf3c translation-block\">There is a small parking lot in front of the building and a large parking lot behind it.<br>\nThe O-Werk streetcar stop is right next to the O-Werk and the bus stop of the same name is located at the traffic circle in front of the building. The stops are served by these lines:<\/p>\n\n\n\n<p class=\"has-palette-color-2-color has-text-color has-link-color wp-elements-ab7513e0109ab4d3e0895f787a70ed33\">Subway Line 302: O-Werk \u2013 BO-Hbf \u2013 Gelsenkirchen.<\/p>\n\n\n\n<p class=\"has-palette-color-2-color has-text-color has-link-color wp-elements-88d123b35fa117ffcb2e1f4ecc867486\">Bus Line 372: BO-Querenburg \u2013 Laer \u2013 Langendreer West \u2013 Werne.<\/p>\n\n\n\n<p class=\"has-palette-color-2-color has-text-color has-link-color wp-elements-b48da81d30b0e5a653d5d4214f1705ed\">Collective cab service AST 72, route: RUB \u2013 Markstr. \u2013 O-Werk \u2013 Laer Mitte.<br>\nThe collective cab service must be booked at least 15 minutes before departure on 0234 33300333 and is <strong>subject to a surcharge<\/strong>.<\/p>\n<\/div>\n<\/div>","protected":false},"excerpt":{"rendered":"<p>Brauchen Sie Unterst\u00fctzung bei der Planung? Unser Team steht Ihnen gerne zur Seite! Bei Fragen zur Anmeldung oder zur Planung Ihrer Module f\u00fcr das Zertifikat k\u00f6nnen Sie sich jederzeit an uns wenden. Beginnen Sie noch heute Ihre Reise als zertifizierte*r Entrepreneur*in an der Ruhr-Universit\u00e4t! Kontaktpersonen Prof. Dr. Stefanie&nbsp;Br\u00f6ring Lehrstuhl f\u00fcr Entrepreneurship und Innovative Gesch\u00e4ftsmodelleAkademische Direktorin&nbsp;Worldfactory [&hellip;]<\/p>\n","protected":false},"author":1,"featured_media":0,"parent":0,"menu_order":0,"comment_status":"closed","ping_status":"closed","template":"","meta":{"footnotes":""},"class_list":["post-44","page","type-page","status-publish","hentry"],"blocksy_meta":[],"_links":{"self":[{"href":"https:\/\/entrepreneurship.ruhr-uni-bochum.de\/en\/wp-json\/wp\/v2\/pages\/44","targetHints":{"allow":["GET"]}}],"collection":[{"href":"https:\/\/entrepreneurship.ruhr-uni-bochum.de\/en\/wp-json\/wp\/v2\/pages"}],"about":[{"href":"https:\/\/entrepreneurship.ruhr-uni-bochum.de\/en\/wp-json\/wp\/v2\/types\/page"}],"author":[{"embeddable":true,"href":"https:\/\/entrepreneurship.ruhr-uni-bochum.de\/en\/wp-json\/wp\/v2\/users\/1"}],"replies":[{"embeddable":true,"href":"https:\/\/entrepreneurship.ruhr-uni-bochum.de\/en\/wp-json\/wp\/v2\/comments?post=44"}],"version-history":[{"count":16,"href":"https:\/\/entrepreneurship.ruhr-uni-bochum.de\/en\/wp-json\/wp\/v2\/pages\/44\/revisions"}],"predecessor-version":[{"id":206,"href":"https:\/\/entrepreneurship.ruhr-uni-bochum.de\/en\/wp-json\/wp\/v2\/pages\/44\/revisions\/206"}],"wp:attachment":[{"href":"https:\/\/entrepreneurship.ruhr-uni-bochum.de\/en\/wp-json\/wp\/v2\/media?parent=44"}],"curies":[{"name":"wp","href":"https:\/\/api.w.org\/{rel}","templated":true}]}}