{"id":75,"date":"2025-04-05T18:12:31","date_gmt":"2025-04-05T18:12:31","guid":{"rendered":"https:\/\/entrepreneurship.ruhr-uni-bochum.de\/?page_id=75"},"modified":"2025-04-06T09:31:46","modified_gmt":"2025-04-06T09:31:46","slug":"barrierefreiheit","status":"publish","type":"page","link":"https:\/\/entrepreneurship.ruhr-uni-bochum.de\/en\/barrierefreiheit\/","title":{"rendered":"Barrierefreiheit"},"content":{"rendered":"<div class=\"wp-block-group is-layout-constrained wp-block-group-is-layout-constrained\">\n<div class=\"wp-block-columns is-layout-flex wp-container-core-columns-is-layout-28f84493 wp-block-columns-is-layout-flex\">\n<div class=\"wp-block-column is-layout-flow wp-block-column-is-layout-flow\" style=\"flex-basis:100%\">\n<h2 class=\"wp-block-heading has-palette-color-1-color has-text-color has-link-color wp-elements-ec8e49c8c2d2a67db5fa562f77411248\" style=\"border-style:none;border-width:0px\">Barrierefreiheit<\/h2>\n\n\n\n<p class=\"has-palette-color-2-color has-text-color has-link-color wp-elements-1e712ff1c0af9d268ba26297f4cbee56\">Erkl\u00e4rung zur Barrierefreiheit<\/p>\n\n\n\n<p class=\"has-palette-color-2-color has-text-color has-link-color wp-elements-8bdb440b3725e2c27908280cef689cd7\">Die Ruhr-Universit\u00e4t Bochum ist bem\u00fcht, ihre Website https:\/\/www.entrepreneurship.ruhr-uni-bochum.de in Einklang mit den nationalen Rechtsvorschriften zur Umsetzung der Richtlinie (EU) 2016\/2102 des Europ\u00e4ischen Parlaments und des Rates \u00fcber den barrierefreien Zugang zu den Websites und mobilen Anwendungen \u00f6ffentlicher Stellen barrierefrei zug\u00e4nglich zu machen.<\/p>\n\n\n\n<p class=\"has-palette-color-2-color has-text-color has-link-color wp-elements-2af088f34c261ad5e5ac426ef24686fa\">Diese Erkl\u00e4rung zur Barrierefreiheit gilt f\u00fcr die Website der Entrepreneurship Education der Ruhr-Universit\u00e4t Bochum welche unter dem Einstiegslink https:\/\/www.entrepreneurship.ruhr-uni-bochum.de aufrufbar ist.<\/p>\n\n\n\n<h2 class=\"wp-block-heading\">Stand der Vereinbarkeit mit den Anforderungen<\/h2>\n\n\n\n<p class=\"has-palette-color-2-color has-text-color has-link-color wp-elements-cf7eb186daae75131170683bfa8a8f68\">Diese Website ist mit dem Behindertengleichstellungsgesetze von Bund und L\u00e4ndern (BGG &amp; LGG), der Barrierefreie-Informationstechnik-Verordnung (BITV) sowie Web Content Accessibility Guidelines (WCAG) 2.1 teilweise vereinbar.<\/p>\n\n\n\n<h2 class=\"wp-block-heading\">Begr\u00fcndung<\/h2>\n\n\n\n<p class=\"has-palette-color-2-color has-text-color has-link-color wp-elements-b43eab744de5576b01c6730a624acd24\">Die Ruhr-Universit\u00e4t Bochum verf\u00fcgt \u00fcber einen sehr umfangreichen Webauftritt von mehreren hundert Webseiten. Der \u00fcberwiegende Anteil der Seiten wurde vor dem 23. September 2018 ver\u00f6ffentlicht. Aufgrund der unverh\u00e4ltnism\u00e4\u00dfigen Belastung nach den Bundes- und Landesgleichstellungsgesetzen ist die Seite jedoch noch nicht vollst\u00e4ndig barrierefrei gestaltet. Die technische Umsetzung wird sukzessive durchgef\u00fchrt.<\/p>\n\n\n\n<h2 class=\"wp-block-heading\">Erstellung dieser Erkl\u00e4rung zur Barrierefreiheit<\/h2>\n\n\n\n<p class=\"has-palette-color-2-color has-text-color has-link-color wp-elements-d0429e1840d482c12df34f8e78e86895\">Diese Erkl\u00e4rung wurde am 9. M\u00e4rz 2025 erstellt.<\/p>\n\n\n\n<p class=\"has-palette-color-2-color has-text-color has-link-color wp-elements-743e519564047674969ca3a0dde37b24\">Diese Webseite wurde bisher noch nicht nach BITV sowie WCAG 2.1 gepr\u00fcft. Eine Pr\u00fcfung soll zeitnah erfolgen.<\/p>\n\n\n\n<h2 class=\"wp-block-heading\">Feedback und Kontaktangaben<\/h2>\n\n\n\n<p class=\"has-palette-color-2-color has-text-color has-link-color wp-elements-163c6727f63af79fe7038c23889d9bee\">Die Ruhr-Universit\u00e4t Bochum arbeitet daran, die bestehenden Barrieren abzuschaffen.<\/p>\n\n\n\n<p class=\"has-palette-color-2-color has-text-color has-link-color wp-elements-ecd6ae09438b9c79b4ddf61be75cecf8\">Falls<\/p>\n\n\n\n<ul class=\"wp-block-list\">\n<li class=\"has-palette-color-2-color has-text-color has-link-color wp-elements-c0c343e53f169396cf248041611c87c3\">Sie bei der Verwendung der Webseite auf Barrieren sto\u00dfen<\/li>\n\n\n\n<li class=\"has-palette-color-2-color has-text-color has-link-color wp-elements-7beb09c5dc8db033ed02b20473ed2ef8\">Inhalte, die schwer zug\u00e4nglich sind,<\/li>\n\n\n\n<li class=\"has-palette-color-2-color has-text-color has-link-color wp-elements-90c53c70f0b4dd27718045085780160f\">Inhalte, die die allgemeinen Empfehlungen f\u00fcr Barrierefreiheit verletzen oder nicht konform mit WCAG konform sind,<\/li>\n\n\n\n<li class=\"has-palette-color-2-color has-text-color has-link-color wp-elements-c0adcebc08a5c030701614d6f91626b3\">oder Inhalte, unklar sind und anders ausgedr\u00fcckt oder formuliert werden sollten,<\/li>\n\n\n\n<li class=\"has-palette-color-2-color has-text-color has-link-color wp-elements-2dea6502ebb3a53955cfee17eabcb8fc\">oder andere Fragen zur Umsetzung der Barrierefreiheit haben,<\/li>\n<\/ul>\n\n\n\n<p class=\"has-palette-color-2-color has-text-color has-link-color wp-elements-5fa749aa3b1dc03e4f382b6b101a7fcf\">wenden Sie sich bitte per Email an:<\/p>\n\n\n\n<p class=\"has-palette-color-2-color has-text-color has-link-color wp-elements-f5b73aa70e722b5b396af5182c5d8711\"><a href=\"mailto:digital-barrierefrei@ruhr-uni-bochum.de\">digital-barrierefrei@ruhr-uni-bochum.de<\/a><\/p>\n\n\n\n<p class=\"has-palette-color-2-color has-text-color has-link-color wp-elements-3248b5f9e26b1b9523797b862c5f6aa5\">Das&nbsp;<a href=\"https:\/\/einrichtungen.ruhr-uni-bochum.de\/de\/willkommen-beim-dezernat-hochschulkommunikation\">Dezernat Hochschulkommunikation<\/a>&nbsp;ist in diesem Fall Ihr erster Ansprechpartner und leitet Ihre Anfrage an die zust\u00e4ndigen Stellen weiter.<\/p>\n\n\n\n<h2 class=\"wp-block-heading\">Durchsetzungsverfahren<\/h2>\n\n\n\n<p class=\"has-palette-color-2-color has-text-color has-link-color wp-elements-8245f551fa29f1af8a47bebe04b796b2\">Sollten Sie auf Ihre Mitteilung oder Anfrag zur Barrierefreiheit innerhalb von sechs Wochen keine zufriedenstellende Antwort erhalten haben, k\u00f6nnen Sie die Ombudsstelle f\u00fcr barrierefreie Informationstechnik einschalten. Sie ist der oder dem Beauftragten f\u00fcr die Belange der Menschen mit Behinderung nach \u00a7 11 des Behindertengleichstellungsgesetzes Nordrhein-Westfalen zugeordnet. Sollten Sie ein Ombudsverfahren w\u00fcnschen, f\u00fcllen Sie bitte den&nbsp;<a href=\"https:\/\/www.mags.nrw\/system\/files\/media\/document\/file\/antrag_ombudsverfahren_bf.pdf\" target=\"_blank\" rel=\"noreferrer noopener\">Antrag(Link downloads document)<\/a>&nbsp;aus und \u00fcbersenden ihn&nbsp;<a href=\"mailto:ombudsstelle-barrierefreie-it@mags.nrw.de\">per E-Mail an die Ombudsstelle<\/a>.<\/p>\n\n\n\n<p class=\"has-palette-color-2-color has-text-color has-link-color wp-elements-368308d86bd802ecebc15dea6defa63f\">Ombudsstelle f\u00fcr barrierefreie In\u00adfor\u00adma\u00adti\u00adons\u00adtech\u00adnik des Landes Nordrhein-Westfalen bei der Landesbeauftragten f\u00fcr Men\u00adschen mit Be\u00adhin\u00adde\u00adrun\u00adgen<br>F\u00fcrstenwall 25<br>40219 D\u00fcsseldorf<\/p>\n<\/div>\n<\/div>\n\n\n\n<div style=\"height:60px\" aria-hidden=\"true\" class=\"wp-block-spacer\"><\/div>\n<\/div>","protected":false},"excerpt":{"rendered":"<p>Barrierefreiheit Erkl\u00e4rung zur Barrierefreiheit Die Ruhr-Universit\u00e4t Bochum ist bem\u00fcht, ihre Website https:\/\/www.entrepreneurship.ruhr-uni-bochum.de in Einklang mit den nationalen Rechtsvorschriften zur Umsetzung der Richtlinie (EU) 2016\/2102 des Europ\u00e4ischen Parlaments und des Rates \u00fcber den barrierefreien Zugang zu den Websites und mobilen Anwendungen \u00f6ffentlicher Stellen barrierefrei zug\u00e4nglich zu machen. Diese Erkl\u00e4rung zur Barrierefreiheit gilt f\u00fcr die Website der [&hellip;]<\/p>\n","protected":false},"author":1,"featured_media":0,"parent":0,"menu_order":0,"comment_status":"closed","ping_status":"closed","template":"","meta":{"footnotes":""},"class_list":["post-75","page","type-page","status-publish","hentry"],"blocksy_meta":[],"_links":{"self":[{"href":"https:\/\/entrepreneurship.ruhr-uni-bochum.de\/en\/wp-json\/wp\/v2\/pages\/75","targetHints":{"allow":["GET"]}}],"collection":[{"href":"https:\/\/entrepreneurship.ruhr-uni-bochum.de\/en\/wp-json\/wp\/v2\/pages"}],"about":[{"href":"https:\/\/entrepreneurship.ruhr-uni-bochum.de\/en\/wp-json\/wp\/v2\/types\/page"}],"author":[{"embeddable":true,"href":"https:\/\/entrepreneurship.ruhr-uni-bochum.de\/en\/wp-json\/wp\/v2\/users\/1"}],"replies":[{"embeddable":true,"href":"https:\/\/entrepreneurship.ruhr-uni-bochum.de\/en\/wp-json\/wp\/v2\/comments?post=75"}],"version-history":[{"count":1,"href":"https:\/\/entrepreneurship.ruhr-uni-bochum.de\/en\/wp-json\/wp\/v2\/pages\/75\/revisions"}],"predecessor-version":[{"id":76,"href":"https:\/\/entrepreneurship.ruhr-uni-bochum.de\/en\/wp-json\/wp\/v2\/pages\/75\/revisions\/76"}],"wp:attachment":[{"href":"https:\/\/entrepreneurship.ruhr-uni-bochum.de\/en\/wp-json\/wp\/v2\/media?parent=75"}],"curies":[{"name":"wp","href":"https:\/\/api.w.org\/{rel}","templated":true}]}}