{"id":77,"date":"2025-04-06T09:36:27","date_gmt":"2025-04-06T09:36:27","guid":{"rendered":"https:\/\/entrepreneurship.ruhr-uni-bochum.de\/?page_id=77"},"modified":"2025-04-06T09:36:27","modified_gmt":"2025-04-06T09:36:27","slug":"datenschutz","status":"publish","type":"page","link":"https:\/\/entrepreneurship.ruhr-uni-bochum.de\/en\/datenschutz\/","title":{"rendered":"Datenschutz"},"content":{"rendered":"<div class=\"wp-block-group is-layout-constrained wp-block-group-is-layout-constrained\">\n<div class=\"wp-block-columns is-layout-flex wp-container-core-columns-is-layout-28f84493 wp-block-columns-is-layout-flex\">\n<div class=\"wp-block-column is-layout-flow wp-block-column-is-layout-flow\" style=\"flex-basis:100%\">\n<h2 class=\"wp-block-heading has-palette-color-1-color has-text-color has-link-color wp-elements-b334d16f9415c0c08163e35edd1b7a70\" style=\"border-style:none;border-width:0px\">Datenschutz<\/h2>\n\n\n\n<p class=\"has-palette-color-2-color has-text-color has-link-color wp-elements-ebce5b1763e32c774ed796e47ed68ec0\">Diese Datenschutzerkl\u00e4rung gilt f\u00fcr die dezentralen Seite der RUB <a href=\"http:\/\/www.ruhr-uni-bochum.de\/\">www.entrepreneurship.ruhr-uni-bochum.de<\/a>. <\/p>\n\n\n\n<h2 class=\"wp-block-heading\">Name und Anschrift des Datenschutzbeauftragten<\/h2>\n\n\n\n<p class=\"has-palette-color-2-color has-text-color has-link-color wp-elements-bd507daaa5e7d421c7883c0fdf5df7e1\">Ruhr-Universit\u00e4t Bochum<br>Dr. Kai-Uwe Loser<br>Datenschutzbeauftragter<br>Universit\u00e4tsstra\u00dfe 150<br>44780 Bochum<\/p>\n\n\n\n<p class=\"has-palette-color-2-color has-text-color has-link-color wp-elements-0152afb77d99755c687917b5effcf854\">Telefon: +49 234 32 28720<\/p>\n\n\n\n<p class=\"has-palette-color-2-color has-text-color has-link-color wp-elements-970f08e7baf74cf6d8039fb38d9fcbab\">E-Mail:&nbsp;<a href=\"mailto:dsb@rub.de\">dsb@rub.de<\/a><br>Webseite:&nbsp;<a href=\"https:\/\/dsb.ruhr-uni-bochum.de\/\">https:\/\/dsb.ruhr-uni-bochum.de\/<\/a><\/p>\n\n\n\n<h2 class=\"wp-block-heading\">Name und Anschrift des Verantwortlichen<\/h2>\n\n\n\n<p class=\"has-palette-color-2-color has-text-color has-link-color wp-elements-3c90f18e5fa8e2f12dfc90a956ab71fa\">Der Verantwortliche im Sinne der Datenschutz-Grundverordnung und anderer nationaler Datenschutzgesetze der Mitgliedsstaaten sowie sonstiger datenschutzrechtlicher Bestimmungen:<\/p>\n\n\n\n<p class=\"has-palette-color-2-color has-text-color has-link-color wp-elements-82a9b6064c373998eb5777093d1d1fc7\">Ruhr-Universit\u00e4t Bochum<br>Der Rektor<br>Universit\u00e4tsstra\u00dfe 150<br>44801 Bochum<br>Deutschland<\/p>\n\n\n\n<p class=\"has-palette-color-2-color has-text-color has-link-color wp-elements-98ba76aeee3c1db134cf64f501709510\">Tel.: +49 234 32 201<br>Fax: +49 234 32 14201<\/p>\n\n\n\n<p class=\"has-palette-color-2-color has-text-color has-link-color wp-elements-6e39340e989f217049382fc3b7d14846\">E-Mail:&nbsp;<a href=\"mailto:webmaster@ruhr-uni-bochum.de\">webmaster@ruhr-uni-bochum.de<\/a><br>Webseite:&nbsp;<a href=\"http:\/\/www.ruhr-uni-bochum.de\/\">www.ruhr-uni-bochum.de<\/a><\/p>\n\n\n\n<h2 class=\"wp-block-heading\">Allgemeines zur Datenverarbeitung<\/h2>\n\n\n\n<h3 class=\"wp-block-heading\">1. Umfang der Verarbeitung personenbezogener Daten<\/h3>\n\n\n\n<p class=\"has-palette-color-2-color has-text-color has-link-color wp-elements-e89f2a1a4259212c7724f0137a03eafc\">Wir erheben und verwenden personenbezogene Daten unserer Nutzer grunds\u00e4tzlich nur, soweit dies zur Bereitstellung einer funktionsf\u00e4higen Website sowie unserer Inhalte und Leistungen erforderlich ist. Die Erhebung und Verwendung personenbezogener Daten unserer Nutzer erfolgt regelm\u00e4\u00dfig nur nach Einwilligung des Nutzers. Eine Ausnahme gilt in solchen F\u00e4llen, in denen eine vorherige Einholung einer Einwilligung aus tats\u00e4chlichen Gr\u00fcnden nicht m\u00f6glich ist und die Verarbeitung der Daten durch gesetzliche Vorschriften gestattet ist.<\/p>\n\n\n\n<h3 class=\"wp-block-heading\">2. Rechtsgrundlage f\u00fcr die Verarbeitung personenbezogener Daten<\/h3>\n\n\n\n<p class=\"has-palette-color-2-color has-text-color has-link-color wp-elements-07c39b05cea8875e96473a975e0874ed\">Soweit wir f\u00fcr Verarbeitungsvorg\u00e4nge personenbezogener Daten eine Einwilligung der betroffenen Person einholen, dient Art. 6 Abs. 1 lit. a EU-Datenschutzgrundverordnung (DSGVO) als Rechtsgrundlage.<\/p>\n\n\n\n<p class=\"has-palette-color-2-color has-text-color has-link-color wp-elements-4311a81dafa822b782c022ebfb7d3e99\">Soweit die Verarbeitung von personenbezogenen Daten ist f\u00fcr die Wahrnehmung unserer Aufgaben erforderlich ist, die im \u00f6ffentlichen Interesse liegt oder in Aus\u00fcbung \u00f6ffentlicher Gewalt erfolgt, dient Art. 6 Abs. 1 lit. e DSGVO als Rechtsgrundlage.&nbsp;<\/p>\n\n\n\n<h3 class=\"wp-block-heading\">3. Datenl\u00f6schung und Speicherdauer<\/h3>\n\n\n\n<p class=\"has-palette-color-2-color has-text-color has-link-color wp-elements-55cbaae92a0ceba899bd9b21d6ac4dfc\">Die personenbezogenen Daten der betroffenen Person werden gel\u00f6scht oder gesperrt, sobald der Zweck der Speicherung entf\u00e4llt. Eine Speicherung kann dar\u00fcber hinaus erfolgen, wenn dies durch den europ\u00e4ischen oder nationalen Gesetzgeber in unionsrechtlichen Verordnungen, Gesetzen oder sonstigen Vorschriften, denen der Verantwortliche unterliegt, vorgesehen wurde. Eine Sperrung oder L\u00f6schung der Daten erfolgt auch dann, wenn eine durch die genannten Normen vorgeschriebene Speicherfrist abl\u00e4uft, es sei denn, dass eine Erforderlichkeit zur weiteren Speicherung der Daten f\u00fcr einen Vertragsabschluss oder eine Vertragserf\u00fcllung besteht.<\/p>\n\n\n\n<h2 class=\"wp-block-heading\">Bereitstellung der Website und Erstellung von Logfiles<\/h2>\n\n\n\n<h3 class=\"wp-block-heading\">1. Beschreibung und Umfang der Datenverarbeitung<\/h3>\n\n\n\n<p class=\"has-palette-color-2-color has-text-color has-link-color wp-elements-c86c832a38811192da44f9f3ee1ef77f\">Bei jedem Aufruf unserer Internetseite und bei jedem Abruf einer Datei aus dem Angebot der RUB erfasst unser System automatisiert Daten und Informationen vom Computersystem des aufrufenden Rechners.<\/p>\n\n\n\n<h4 class=\"wp-block-heading\">Folgende Daten werden hierbei erhoben:<\/h4>\n\n\n\n<ul class=\"wp-block-list\">\n<li class=\"has-palette-color-2-color has-text-color has-link-color wp-elements-806429c7bf6b1d67ec2b56149141d2e4\">Informationen \u00fcber den Browsertyp und die verwendete Version<\/li>\n\n\n\n<li class=\"has-palette-color-2-color has-text-color has-link-color wp-elements-911a617cf97a011b38ce74dd2dc205a7\">Das Betriebssystem des Nutzers<\/li>\n\n\n\n<li class=\"has-palette-color-2-color has-text-color has-link-color wp-elements-716ffa9ee787806f35e7bba98bafef79\">Den Internet-Service-Provider des Nutzers<\/li>\n\n\n\n<li class=\"has-palette-color-2-color has-text-color has-link-color wp-elements-9895e3d8a434752a2cb621ac62ec0172\">Die IP-Adresse des Nutzers<\/li>\n\n\n\n<li class=\"has-palette-color-2-color has-text-color has-link-color wp-elements-4e64750fb5ced62b6c0f27329c29f15b\">Datum und Uhrzeit des Zugriffs<\/li>\n\n\n\n<li class=\"has-palette-color-2-color has-text-color has-link-color wp-elements-91e40e2480c521c806182297024cf9dd\">Websites, von denen das System des Nutzers auf unsere Internetseite gelangt<\/li>\n\n\n\n<li class=\"has-palette-color-2-color has-text-color has-link-color wp-elements-9d3cf614f7b54b090db89864c1a797b9\">Websites, die vom System des Nutzers \u00fcber unsere Website aufgerufen werden<\/li>\n<\/ul>\n\n\n\n<p class=\"has-palette-color-2-color has-text-color has-link-color wp-elements-5ab988753fa639e7f9e0443fadb9fe5f\">Die Daten werden ebenfalls in den Logfiles unseres Systems gespeichert. Eine Speicherung dieser Daten zusammen mit anderen personenbezogenen Daten des Nutzers findet nicht statt.<\/p>\n\n\n\n<h3 class=\"wp-block-heading\">2. Zweck der Datenverarbeitung und Rechtsgrundlage<\/h3>\n\n\n\n<p class=\"has-palette-color-2-color has-text-color has-link-color wp-elements-36ea2f4f0d7bdc63e70dfcee22f05279\">Die vor\u00fcbergehende Speicherung der IP-Adresse durch das System ist notwendig, um eine Auslieferung der Website an den Rechner des Nutzers zu erm\u00f6glichen. Hierf\u00fcr muss die IP-Adresse des Nutzers f\u00fcr die Dauer der Sitzung gespeichert bleiben.<\/p>\n\n\n\n<p class=\"has-palette-color-2-color has-text-color has-link-color wp-elements-d70f64061c0245f46c7ba92598570bcc\">Die Speicherung in Logfiles erfolgt, um die Funktionsf\u00e4higkeit der Website sicherzustellen. Zudem dienen uns die Daten zur Optimierung der Website und zur Sicherstellung der Sicherheit unserer informationstechnischen Systeme. Eine Auswertung der Daten zu Marketingzwecken findet in diesem Zusammenhang nicht statt.&nbsp;<\/p>\n\n\n\n<p class=\"has-palette-color-2-color has-text-color has-link-color wp-elements-2afabacbd1b7f0121befc20d457a5919\">Rechtsgrundlage f\u00fcr die vor\u00fcbergehende Speicherung der Daten und der Logfiles ist Art. 6 Abs. 1 lit. e DSGVO.<\/p>\n\n\n\n<h3 class=\"wp-block-heading\">3. Dauer der Speicherung<\/h3>\n\n\n\n<p class=\"has-palette-color-2-color has-text-color has-link-color wp-elements-b54ef38e3d478735841d916c7aeb05ab\">Die Daten werden gel\u00f6scht, sobald sie f\u00fcr die Erreichung des Zweckes ihrer Erhebung nicht mehr erforderlich sind. Im Falle der Erfassung der Daten zur Bereitstellung der Website ist dies der Fall, wenn die jeweilige Sitzung beendet ist.<\/p>\n\n\n\n<p class=\"has-palette-color-2-color has-text-color has-link-color wp-elements-2124b5cb5f0777fd7691482992e1f4bc\">Im Falle der Speicherung der Daten in Logfiles ist dies nach sp\u00e4testens 24 Stunden der Fall. Eine dar\u00fcberhinausgehende Speicherung ist m\u00f6glich. In diesem Fall werden die IP-Adressen der Nutzer gel\u00f6scht oder verfremdet, sodass eine Zuordnung des aufrufenden Clients nicht mehr m\u00f6glich ist.<\/p>\n\n\n\n<h3 class=\"wp-block-heading\">4. Widerspruchs- und Beseitigungsm\u00f6glichkeit<\/h3>\n\n\n\n<p class=\"has-palette-color-2-color has-text-color has-link-color wp-elements-6a28754bb090886119f198abaa3587c2\">Die Erfassung der Daten zur Bereitstellung der Website und die Speicherung der Daten in Logfiles ist f\u00fcr den Betrieb der Internetseite zwingend erforderlich. Es besteht folglich seitens des Nutzers keine Widerspruchsm\u00f6glichkeit.<\/p>\n\n\n\n<h2 class=\"wp-block-heading\">Verwendung von Cookies<\/h2>\n\n\n\n<h3 class=\"wp-block-heading\">1. Beschreibung und Umfang der Datenverarbeitung<\/h3>\n\n\n\n<p class=\"has-palette-color-2-color has-text-color has-link-color wp-elements-5189f34017f3f502f0c65e458cf4321b\">Unsere Webseite verwendet Cookies. Bei Cookies handelt es sich um Textdateien, die im Internetbrowser bzw. vom Internetbrowser auf dem Computersystem des Nutzers gespeichert werden. Ruft ein Nutzer eine Website auf, so kann ein Cookie auf dem Betriebssystem des Nutzers gespeichert werden. Dieser Cookie enth\u00e4lt eine charakteristische Zeichenfolge, die eine eindeutige Identifizierung des Browsers beim erneuten Aufrufen der Website erm\u00f6glicht.<\/p>\n\n\n\n<p class=\"has-palette-color-2-color has-text-color has-link-color wp-elements-5fbc65554946cb30f824bf36fcf89359\">Wir setzen Cookies ein, um unsere Website nutzerfreundlicher zu gestalten. Einige Elemente unserer Internetseite erfordern es, dass der aufrufende Browser auch nach einem Seitenwechsel identifiziert werden kann.<\/p>\n\n\n\n<p class=\"has-palette-color-2-color has-text-color has-link-color wp-elements-9a9a4040a1bf1f2c27cda32098df2f00\">In den Cookies werden dabei folgende Daten gespeichert und \u00fcbermittelt:<\/p>\n\n\n\n<ul class=\"wp-block-list\">\n<li class=\"has-palette-color-2-color has-text-color has-link-color wp-elements-a7f0167bd5188d26f82ac54238230f79\">Bevorzugte Schriftgr\u00f6\u00dfe<\/li>\n\n\n\n<li class=\"has-palette-color-2-color has-text-color has-link-color wp-elements-f483516731e31ad1bceb12c45e244528\">Bevorzugte Kontrastversion<\/li>\n\n\n\n<li class=\"has-palette-color-2-color has-text-color has-link-color wp-elements-b67645ef7a0918ec2205fd766d3df108\">Angemeldet am System (nur f\u00fcr Redaktion\/Administration)<\/li>\n\n\n\n<li class=\"has-palette-color-2-color has-text-color has-link-color wp-elements-a37b48f70d6b59d89f8867d6f932873e\">Ablaufdatum<\/li>\n<\/ul>\n\n\n\n<p class=\"has-palette-color-2-color has-text-color has-link-color wp-elements-52d9b563699d5b926fc1f4ed19044b85\">Wir verwenden auf unserer Website dar\u00fcber hinaus Cookies, die eine Analyse des Surfverhaltens der Nutzer erm\u00f6glichen (siehe n\u00e4chster Abschnitt)<\/p>\n\n\n\n<p class=\"has-palette-color-2-color has-text-color has-link-color wp-elements-470b15f7970824fe38a78a9895e85a1a\">Die auf diese Weise erhobenen Daten der Nutzer werden durch technische Vorkehrungen pseudonymisiert. Daher ist eine Zuordnung der Daten zum aufrufenden Nutzer nicht mehr m\u00f6glich. Die Daten werden nicht gemeinsam mit sonstigen personenbezogenen Daten der Nutzer gespeichert.<\/p>\n\n\n\n<p class=\"has-palette-color-2-color has-text-color has-link-color wp-elements-8bf16e0a3899fc9acd725cb269285fa8\">Beim Aufruf unserer Website werden die Nutzer durch ein Infobanner \u00fcber die Verwendung von Cookies zu Analysezwecken informiert und auf diese Datenschutzerkl\u00e4rung verwiesen. Es erfolgt in diesem Zusammenhang auch ein Hinweis darauf, wie die Speicherung von Cookies in den Browsereinstellungen unterbunden werden kann.<\/p>\n\n\n\n<h3 class=\"wp-block-heading\">2. Zweck der Datenverarbeitung und Rechtsgrundlage<\/h3>\n\n\n\n<p class=\"has-palette-color-2-color has-text-color has-link-color wp-elements-828bc4a02a4f981d516746628d500bdb\">Der Zweck der Verwendung technisch notwendiger Cookies ist, die Nutzung von Websites f\u00fcr die Nutzer zu vereinfachen. Einige Funktionen unserer Internetseite k\u00f6nnen ohne den Einsatz von Cookies nicht angeboten werden. F\u00fcr diese ist es erforderlich, dass der Browser auch nach einem Seitenwechsel wiedererkannt wird.<\/p>\n\n\n\n<p class=\"has-palette-color-2-color has-text-color has-link-color wp-elements-4e6e321ab96c2a1c92ecab5fe0e54969\">Die durch technisch notwendige Cookies erhobenen Nutzerdaten werden nicht zur Erstellung von Nutzerprofilen verwendet.<\/p>\n\n\n\n<p class=\"has-palette-color-2-color has-text-color has-link-color wp-elements-9ab2e611918afa2113aadbe05025c271\">Die Verwendung der Analyse-Cookies erfolgt zu dem Zweck, die Qualit\u00e4t unserer Website und ihre Inhalte zu verbessern. Durch die Analyse-Cookies erfahren wir, wie die Website genutzt wird und k\u00f6nnen so unser Angebot stetig optimieren.<\/p>\n\n\n\n<p class=\"has-palette-color-2-color has-text-color has-link-color wp-elements-f03af2f8aa3bba97bfd1b6a8d2db991f\">Die Rechtsgrundlage f\u00fcr die Verarbeitung personenbezogener Daten unter Verwendung von Cookies ist Art. 6 Abs. 1 lit. e DSGVO.<\/p>\n\n\n\n<h3 class=\"wp-block-heading\">3. Dauer der Speicherung, Widerspruchs- und Beseitigungsm\u00f6glichkeit<\/h3>\n\n\n\n<p class=\"has-palette-color-2-color has-text-color has-link-color wp-elements-3c201d9a56bf49c56ef207573bfe4946\">Cookies werden auf dem Rechner des Nutzers gespeichert und von diesem an unserer Seite \u00fcbermittelt. Daher haben Sie als Nutzer auch die volle Kontrolle \u00fcber die Verwendung von Cookies. Durch eine \u00c4nderung der Einstellungen in Ihrem Internetbrowser k\u00f6nnen Sie die \u00dcbertragung von Cookies deaktivieren oder einschr\u00e4nken. Bereits gespeicherte Cookies k\u00f6nnen jederzeit gel\u00f6scht werden. Dies kann auch automatisiert erfolgen. Werden Cookies f\u00fcr unsere Website deaktiviert, k\u00f6nnen m\u00f6glicherweise nicht mehr alle Funktionen der Website vollumf\u00e4nglich genutzt werden.<\/p>\n\n\n\n<h2 class=\"wp-block-heading\">Webanalyse durch Matomo (ehemals PIWIK)<\/h2>\n\n\n\n<h3 class=\"wp-block-heading\">1. Umfang der Verarbeitung personenbezogener Daten<\/h3>\n\n\n\n<p class=\"has-palette-color-1-color has-text-color has-link-color wp-elements-a89d231889fa36209d4c637efab26ee3\">Wir nutzen auf unserer Website das Open-Source-Software-Tool Matomo (ehemals PIWIK) zur Analyse des Surfverhaltens unserer Nutzer. Die Software setzt ein Cookie auf dem Rechner der Nutzer (zu Cookies siehe bereits oben). Werden Einzelseiten unserer Website aufgerufen, so werden folgende Daten gespeichert:<\/p>\n\n\n\n<ul class=\"wp-block-list\">\n<li class=\"has-palette-color-2-color has-text-color has-link-color wp-elements-ba1cb33e13cf0fb900f54a0ee6c9e0e4\">Zwei Bytes der IP-Adresse des aufrufenden Systems des Nutzers<\/li>\n\n\n\n<li class=\"has-palette-color-2-color has-text-color has-link-color wp-elements-3ac224bbd00e35a43ce540767023996d\">Die aufgerufene Webseite<\/li>\n\n\n\n<li class=\"has-palette-color-2-color has-text-color has-link-color wp-elements-0410cf90126c78d6d2a73329e881f7da\">Die Website, von der der Nutzer auf die aufgerufene Webseite gelangt ist (Referrer)<\/li>\n\n\n\n<li class=\"has-palette-color-2-color has-text-color has-link-color wp-elements-a1ce15729443225439d7be924ac240f7\">Die Unterseiten, die von der aufgerufenen Webseite aus aufgerufen werden<\/li>\n\n\n\n<li class=\"has-palette-color-2-color has-text-color has-link-color wp-elements-b61d39fff727d6a491c65480aeada18c\">Die Verweildauer auf der Webseite<\/li>\n\n\n\n<li class=\"has-palette-color-2-color has-text-color has-link-color wp-elements-e392ab93f1264744a508d78485658798\">Die H\u00e4ufigkeit des Aufrufs der Webseite<\/li>\n<\/ul>\n\n\n\n<p class=\"has-palette-color-2-color has-text-color has-link-color wp-elements-6db3b45347d1dc6335ba9b502b34cd6e\">Die Software l\u00e4uft dabei ausschlie\u00dflich auf den Servern der Ruhr-Universit\u00e4t Bochum. Eine Speicherung der personenbezogenen Daten der Nutzer findet nur dort statt. Eine Weitergabe der Daten an Dritte erfolgt nicht.<\/p>\n\n\n\n<p class=\"has-palette-color-2-color has-text-color has-link-color wp-elements-b418b56fcf41050211ce687cec7cc848\">Die Software ist so eingestellt, dass die IP-Adressen nicht vollst\u00e4ndig gespeichert werden, sondern 2 Bytes der IP-Adresse maskiert werden (Bsp.: 192.168.xxx.xxx). Auf diese Weise ist eine Zuordnung der gek\u00fcrzten IP-Adresse zum aufrufenden Rechner nicht mehr m\u00f6glich.<\/p>\n\n\n\n<h3 class=\"wp-block-heading\">2. Zweck der Datenverarbeitung und Rechtsgrundlage<\/h3>\n\n\n\n<p class=\"has-palette-color-2-color has-text-color has-link-color wp-elements-53851c14eb2d931231f90c4a596aa91e\">Die Verarbeitung der personenbezogenen Daten der Nutzer erm\u00f6glicht uns eine Analyse des Surfverhaltens unserer Nutzer. Wir sind in durch die Auswertung der gewonnenen Daten in der Lage, Informationen \u00fcber die Nutzung der einzelnen Komponenten unserer Webseite zusammenzustellen. Dies hilft uns dabei unsere Webseite und deren Nutzerfreundlichkeit stetig zu verbessern. Durch die Anonymisierung der IP-Adresse wird dem Interesse der Nutzer an deren Schutz personenbezogener Daten hinreichend Rechnung getragen.<\/p>\n\n\n\n<p class=\"has-palette-color-2-color has-text-color has-link-color wp-elements-5d3c07a740f6cf021e9b33fc945b5e08\">Rechtsgrundlage f\u00fcr die Verarbeitung der personenbezogenen Daten der Nutzer ist Art. 6 Abs. 1 lit. e DSGVO.<\/p>\n\n\n\n<h3 class=\"wp-block-heading\">3. Dauer der Speicherung<\/h3>\n\n\n\n<p class=\"has-palette-color-2-color has-text-color has-link-color wp-elements-b1c63832786d6e3c123fc09991b089d2\">Die Daten werden gel\u00f6scht, sobald sie f\u00fcr unsere Aufzeichnungszwecke nicht mehr ben\u00f6tigt werden. In unserem Fall ist dies nach 90 Tagen der Fall.<\/p>\n\n\n\n<h3 class=\"wp-block-heading\">4. Widerspruchs- und Beseitigungsm\u00f6glichkeit<\/h3>\n\n\n\n<p class=\"has-palette-color-2-color has-text-color has-link-color wp-elements-3c201d9a56bf49c56ef207573bfe4946\">Cookies werden auf dem Rechner des Nutzers gespeichert und von diesem an unserer Seite \u00fcbermittelt. Daher haben Sie als Nutzer auch die volle Kontrolle \u00fcber die Verwendung von Cookies. Durch eine \u00c4nderung der Einstellungen in Ihrem Internetbrowser k\u00f6nnen Sie die \u00dcbertragung von Cookies deaktivieren oder einschr\u00e4nken. Bereits gespeicherte Cookies k\u00f6nnen jederzeit gel\u00f6scht werden. Dies kann auch automatisiert erfolgen. Werden Cookies f\u00fcr unsere Website deaktiviert, k\u00f6nnen m\u00f6glicherweise nicht mehr alle Funktionen der Website vollumf\u00e4nglich genutzt werden.<\/p>\n\n\n\n<p class=\"has-palette-color-2-color has-text-color has-link-color wp-elements-093b7a5e7b173d5269b43254feeec4fb\">Wir bieten unseren Nutzern auf unserer Website die M\u00f6glichkeit eines Opt-Out aus dem Analyseverfahren. Hierzu m\u00fcssen Sie dem entsprechenden Link folgen. Auf diese Weise wird ein weiterer Cookie auf ihrem System gesetzt, der unserem System signalisiert die Daten des Nutzers nicht zu speichern. L\u00f6scht der Nutzer den entsprechenden Cookie zwischenzeitlich vom eigenen System, so muss er den Opt-Out-Cookie erneut setzten. Alternativ k\u00f6nnen Sie die \u201eDo-not-Track\u201c-Einstellung in Ihrem Browser aktivieren.<\/p>\n\n\n\n<p class=\"has-palette-color-2-color has-text-color has-link-color wp-elements-4049395d4d1a3faf649a85be1805a6db\">N\u00e4here Informationen zu den Privatsph\u00e4reeinstellungen der Matomo Software finden Sie unter folgendem Link:&nbsp;<a href=\"https:\/\/matomo.org\/docs\/privacy\/\" target=\"_blank\" rel=\"noreferrer noopener\"><em>https:\/\/matomo.org\/docs\/privacy\/(Link is external)<\/em><\/a><em>.<\/em><\/p>\n\n\n\n<h2 class=\"wp-block-heading\">Kontaktformular und E-Mail-Kontakt<\/h2>\n\n\n\n<h3 class=\"wp-block-heading\">1. Beschreibung und Umfang der Datenverarbeitung<\/h3>\n\n\n\n<p class=\"has-palette-color-2-color has-text-color has-link-color wp-elements-017f3683551f5b25a80c43ce77a2ed49\">Auf unserer Internetseite ist ein Kontaktformular vorhanden, welches f\u00fcr die elektronische Kontaktaufnahme genutzt werden kann. Nimmt ein Nutzer diese M\u00f6glichkeit wahr, so werden die in der Eingabemaske eingegeben Daten an uns \u00fcbermittelt und gespeichert.<\/p>\n\n\n\n<p class=\"has-palette-color-2-color has-text-color has-link-color wp-elements-d48d91f4f0e887c813f94dc755c0d2fd\">Im Zeitpunkt der Absendung der Nachricht werden zudem folgende Daten gespeichert:<\/p>\n\n\n\n<ul class=\"wp-block-list\">\n<li class=\"has-palette-color-2-color has-text-color has-link-color wp-elements-9895e3d8a434752a2cb621ac62ec0172\">Die IP-Adresse des Nutzers<\/li>\n\n\n\n<li class=\"has-palette-color-2-color has-text-color has-link-color wp-elements-d73bc69ce0dad48f60b10d96f2210c89\">Datum und Uhrzeit<\/li>\n<\/ul>\n\n\n\n<p class=\"has-palette-color-2-color has-text-color has-link-color wp-elements-1a9102fdaab66ac0c709b9ef3a2f4cd0\">F\u00fcr die Verarbeitung der Daten wird im Rahmen des Absendevorgangs Ihre Einwilligung eingeholt und auf diese Datenschutzerkl\u00e4rung verwiesen.<\/p>\n\n\n\n<p class=\"has-palette-color-2-color has-text-color has-link-color wp-elements-b48f11ea44e3b24d300e445d02015534\">Alternativ ist eine Kontaktaufnahme \u00fcber die bereitgestellte E-Mail-Adresse m\u00f6glich. In diesem Fall werden die mit der E-Mail \u00fcbermittelten personenbezogenen Daten des Nutzers gespeichert.<\/p>\n\n\n\n<p class=\"has-palette-color-2-color has-text-color has-link-color wp-elements-222f0662b38822d76844c4313414a1c9\">Es erfolgt in diesem Zusammenhang keine Weitergabe der Daten an Dritte. Die Daten werden ausschlie\u00dflich f\u00fcr die Verarbeitung der Konversation verwendet.<\/p>\n\n\n\n<h3 class=\"wp-block-heading\">2. Zweck der Datenverarbeitung und Rechtsgrundlage<\/h3>\n\n\n\n<p class=\"has-palette-color-2-color has-text-color has-link-color wp-elements-276158b6503a3378bbc08d220662bede\">Die Verarbeitung der personenbezogenen Daten aus der Eingabemaske dient uns allein zur Bearbeitung der Kontaktaufnahme. Im Falle einer Kontaktaufnahme per E-Mail liegt hieran auch das erforderliche berechtigte Interesse an der Verarbeitung der Daten.<\/p>\n\n\n\n<p class=\"has-palette-color-2-color has-text-color has-link-color wp-elements-52e9430785716b7fa9d8434ac8edb917\">Die sonstigen w\u00e4hrend des Absendevorgangs verarbeiteten personenbezogenen Daten dienen dazu, einen Missbrauch des Kontaktformulars zu verhindern und die Sicherheit unserer informationstechnischen Systeme sicherzustellen.<\/p>\n\n\n\n<p class=\"has-palette-color-2-color has-text-color has-link-color wp-elements-97e2fbeb372a9a6e4f7692d20b22df2e\">Rechtsgrundlage f\u00fcr die Verarbeitung der Daten ist bei Vorliegen einer Einwilligung des Nutzers Art. 6 Abs. 1 lit. a DSGVO. Rechtsgrundlage f\u00fcr die Verarbeitung der Daten, die im Zuge einer \u00dcbersendung einer E-Mail \u00fcbermittelt werden, ist Art. 6 Abs. 1 lit. e DSGVO.&nbsp;<\/p>\n\n\n\n<h3 class=\"wp-block-heading\">3. Dauer der Speicherung<\/h3>\n\n\n\n<p class=\"has-palette-color-2-color has-text-color has-link-color wp-elements-0c4e364cbeb58bf46bfe689d4243edce\">Die Daten werden gel\u00f6scht, sobald sie f\u00fcr die Erreichung des Zweckes ihrer Erhebung nicht mehr erforderlich sind. F\u00fcr die personenbezogenen Daten aus der Eingabemaske des Kontaktformulars und diejenigen, die per E-Mail \u00fcbersandt wurden, ist dies dann der Fall, wenn die jeweilige Konversation mit dem Nutzer beendet ist. Beendet ist die Konversation dann, wenn sich aus den Umst\u00e4nden entnehmen l\u00e4sst, dass der betroffene Sachverhalt abschlie\u00dfend gekl\u00e4rt ist.<\/p>\n\n\n\n<p class=\"has-palette-color-2-color has-text-color has-link-color wp-elements-710143e2ae84d79528cc0c4ccfbc5683\">Die w\u00e4hrend des Absendevorgangs zus\u00e4tzlich erhobenen personenbezogenen Daten werden sp\u00e4testens nach einer Frist von sieben Tagen gel\u00f6scht.<\/p>\n\n\n\n<h3 class=\"wp-block-heading\">4. Widerspruchs- und Beseitigungsm\u00f6glichkeit<\/h3>\n\n\n\n<p class=\"has-palette-color-2-color has-text-color has-link-color wp-elements-6064a20710fe8d8feab8b3bf87a62f84\">Der Nutzer hat jederzeit die M\u00f6glichkeit, seine Einwilligung zur Verarbeitung der personenbezogenen Daten zu widerrufen. Nimmt der Nutzer per E-Mail-Kontakt mit uns auf, so kann er der Speicherung seiner personenbezogenen Daten jederzeit widersprechen. In einem solchen Fall kann die Konversation nicht fortgef\u00fchrt werden.<\/p>\n\n\n\n<p class=\"has-palette-color-2-color has-text-color has-link-color wp-elements-8384b88d130466e3561cff71fd1c76ec\">Alle personenbezogenen Daten, die im Zuge der Kontaktaufnahme gespeichert wurden, werden in diesem Fall gel\u00f6scht.<\/p>\n\n\n\n<h3 class=\"wp-block-heading\">Einsatz von Social-Media-Plugins<\/h3>\n\n\n\n<p class=\"has-palette-color-2-color has-text-color has-link-color wp-elements-f1e9735e6df74c4682ae421e34ba1108\">Wir bieten Nutzern auf unserer Webseite die Funktion \u201eTeilen in sozialen Medien\u201c an. Zum Schutze der Nutzerdaten setzen wir bei der Implementierung auf die L\u00f6sung \u201eShariff\u201c. F\u00fcr das Einbetten von Inhalten aus den sozialen Medien im Newsportal der RUB (https:\/\/www.news.rub.de) verwenden wir zum Schutz der Nutzerdaten die L\u00f6sung \u201eEmbetty\u201c. Durch \u201eShariff\u201c und \u201eEmbetty\u201c werden auf der Webseite lediglich Verweise eingebunden, die eine Verlinkung auf die entsprechende Webseite des Anbieters enth\u00e4lt. Durch Anklicken des Links wird der Nutzer zu den Diensten der jeweiligen Anbieter weitergeleitet. Erst dann werden Daten an die jeweiligen Anbieter gesendet. Sofern Sie den Link nicht anklicken, findet keinerlei Austausch zwischen dem Nutzer und den Anbietern der Social-Media-Dienste statt. Informationen \u00fcber die Erhebung und Verwendung Ihrer Daten in den sozialen Netzwerken finden Sie in den jeweiligen Nutzungsbedingungen der entsprechenden Anbieter.<\/p>\n\n\n\n<p class=\"has-palette-color-2-color has-text-color has-link-color wp-elements-3a8b8b01e6017e88634922f98145facc\">Wir haben auf unserer Website Social-Media-Dienste folgender Unternehmen eingebunden:<\/p>\n\n\n\n<ul class=\"wp-block-list\">\n<li class=\"has-palette-color-2-color has-text-color has-link-color wp-elements-104fea285d44963af581d813493413b7\">LinkedIn&nbsp;<a href=\"https:\/\/de.linkedin.com\/legal\/privacy-policy\" target=\"_blank\" rel=\"noreferrer noopener\">https:\/\/de.linkedin.com\/legal\/privacy-policy(Link is external)<\/a><\/li>\n<\/ul>\n\n\n\n<p class=\"has-palette-color-2-color has-text-color has-link-color wp-elements-6f82ff04cd96b416dc281d14c5f37308\">Rechtsgrundlage f\u00fcr die Verarbeitung der Daten nach einer Einwilligung des Nutzers ist Art. 6 Abs. 1 lit. a DSGVO.<\/p>\n\n\n\n<h2 class=\"wp-block-heading\">Rechte der betroffenen Person<\/h2>\n\n\n\n<p class=\"has-palette-color-2-color has-text-color has-link-color wp-elements-6b1cbcbd66605e4c3cf19507922ac50e\">Werden personenbezogene Daten von Ihnen verarbeitet, sind Sie Betroffener i.S.d. DSGVO und es stehen Ihnen folgende Rechte gegen\u00fcber dem Verantwortlichen zu:<a href=\"https:\/\/www.ruhr-uni-bochum.de\/de\/datenschutzerklaerung#\"><\/a><\/p>\n\n\n\n<p class=\"has-palette-color-2-color has-text-color has-link-color wp-elements-d8b35216106079e4e31e92a9d7288b5a\"><a href=\"https:\/\/www.ruhr-uni-bochum.de\/de\/datenschutzerklaerung#\"><\/a><a href=\"https:\/\/www.ruhr-uni-bochum.de\/de\/datenschutzerklaerung#\">Auskunftsrecht<\/a><a href=\"https:\/\/www.ruhr-uni-bochum.de\/de\/datenschutzerklaerung#\"><\/a><\/p>\n\n\n\n<p class=\"has-palette-color-2-color has-text-color has-link-color wp-elements-73aab3eb335fc4c188601e116b559392\"><a href=\"https:\/\/www.ruhr-uni-bochum.de\/de\/datenschutzerklaerung#\"><\/a><a href=\"https:\/\/www.ruhr-uni-bochum.de\/de\/datenschutzerklaerung#\">Recht auf Berichtigung&nbsp;<\/a><a href=\"https:\/\/www.ruhr-uni-bochum.de\/de\/datenschutzerklaerung#\"><\/a><\/p>\n\n\n\n<p class=\"has-palette-color-2-color has-text-color has-link-color wp-elements-3214396adf988d9e5cc818eed16c4b63\"><a href=\"https:\/\/www.ruhr-uni-bochum.de\/de\/datenschutzerklaerung#\"><\/a><a href=\"https:\/\/www.ruhr-uni-bochum.de\/de\/datenschutzerklaerung#\">Recht auf Einschr\u00e4nkung der Verarbeitung<\/a><a href=\"https:\/\/www.ruhr-uni-bochum.de\/de\/datenschutzerklaerung#\"><\/a><\/p>\n\n\n\n<p class=\"has-palette-color-2-color has-text-color has-link-color wp-elements-1cbbb5be2d4aa2d9495ad60b635f2aa7\"><a href=\"https:\/\/www.ruhr-uni-bochum.de\/de\/datenschutzerklaerung#\"><\/a><a href=\"https:\/\/www.ruhr-uni-bochum.de\/de\/datenschutzerklaerung#\">Recht auf L\u00f6schung<\/a><a href=\"https:\/\/www.ruhr-uni-bochum.de\/de\/datenschutzerklaerung#\"><\/a><\/p>\n\n\n\n<p class=\"has-palette-color-2-color has-text-color has-link-color wp-elements-f1be8bc9389d423538a56faceaeab3ff\"><a href=\"https:\/\/www.ruhr-uni-bochum.de\/de\/datenschutzerklaerung#\"><\/a><a href=\"https:\/\/www.ruhr-uni-bochum.de\/de\/datenschutzerklaerung#\">Mitteilungspflicht bei Berichtigung oder L\u00f6schung<\/a><a href=\"https:\/\/www.ruhr-uni-bochum.de\/de\/datenschutzerklaerung#\"><\/a><\/p>\n\n\n\n<p class=\"has-palette-color-2-color has-text-color has-link-color wp-elements-654b01d3b27e271e8a9b8ef45df4ba6f\"><a href=\"https:\/\/www.ruhr-uni-bochum.de\/de\/datenschutzerklaerung#\"><\/a><a href=\"https:\/\/www.ruhr-uni-bochum.de\/de\/datenschutzerklaerung#\">Recht auf Daten\u00fcbertragbarkeit<\/a><a href=\"https:\/\/www.ruhr-uni-bochum.de\/de\/datenschutzerklaerung#\"><\/a><\/p>\n\n\n\n<p class=\"has-palette-color-2-color has-text-color has-link-color wp-elements-91d677139c0bb8e35e54242407dc1300\"><a href=\"https:\/\/www.ruhr-uni-bochum.de\/de\/datenschutzerklaerung#\"><\/a><a href=\"https:\/\/www.ruhr-uni-bochum.de\/de\/datenschutzerklaerung#\">Widerspruchsrecht<\/a><a href=\"https:\/\/www.ruhr-uni-bochum.de\/de\/datenschutzerklaerung#\"><\/a><\/p>\n\n\n\n<p class=\"has-palette-color-2-color has-text-color has-link-color wp-elements-6debc6a07e9c5e092b38ef15e712b878\"><a href=\"https:\/\/www.ruhr-uni-bochum.de\/de\/datenschutzerklaerung#\"><\/a><a href=\"https:\/\/www.ruhr-uni-bochum.de\/de\/datenschutzerklaerung#\">Recht auf Widerruf der datenschutzrechtlichen Einwilligungserkl\u00e4rung<\/a><a href=\"https:\/\/www.ruhr-uni-bochum.de\/de\/datenschutzerklaerung#\"><\/a><\/p>\n\n\n\n<p class=\"has-palette-color-2-color has-text-color has-link-color wp-elements-c42447975d137451942abbf9f79dacc1\"><a href=\"https:\/\/www.ruhr-uni-bochum.de\/de\/datenschutzerklaerung#\"><\/a><a href=\"https:\/\/www.ruhr-uni-bochum.de\/de\/datenschutzerklaerung#\">Automatisierte Entscheidung im Einzelfall einschlie\u00dflich Profiling<\/a><a href=\"https:\/\/www.ruhr-uni-bochum.de\/de\/datenschutzerklaerung#\"><\/a><\/p>\n\n\n\n<p class=\"has-palette-color-2-color has-text-color has-link-color wp-elements-f30f9962f5f4be97dffac23c5bc507ec\"><a href=\"https:\/\/www.ruhr-uni-bochum.de\/de\/datenschutzerklaerung#\"><\/a><a href=\"https:\/\/www.ruhr-uni-bochum.de\/de\/datenschutzerklaerung#\">Recht auf Beschwerde bei einer Aufsichtsbeh\u00f6rde<\/a><\/p>\n\n\n\n<p class=\"has-palette-color-2-color has-text-color has-link-color wp-elements-c36f7a1dc138119353f0e96afc7677e1\">Stand Juni 2019<\/p>\n<\/div>\n<\/div>\n\n\n\n<div style=\"height:60px\" aria-hidden=\"true\" class=\"wp-block-spacer\"><\/div>\n<\/div>","protected":false},"excerpt":{"rendered":"<p>Datenschutz Diese Datenschutzerkl\u00e4rung gilt f\u00fcr die dezentralen Seite der RUB www.entrepreneurship.ruhr-uni-bochum.de. Name und Anschrift des Datenschutzbeauftragten Ruhr-Universit\u00e4t BochumDr. Kai-Uwe LoserDatenschutzbeauftragterUniversit\u00e4tsstra\u00dfe 15044780 Bochum Telefon: +49 234 32 28720 E-Mail:&nbsp;dsb@rub.deWebseite:&nbsp;https:\/\/dsb.ruhr-uni-bochum.de\/ Name und Anschrift des Verantwortlichen Der Verantwortliche im Sinne der Datenschutz-Grundverordnung und anderer nationaler Datenschutzgesetze der Mitgliedsstaaten sowie sonstiger datenschutzrechtlicher Bestimmungen: Ruhr-Universit\u00e4t BochumDer RektorUniversit\u00e4tsstra\u00dfe 15044801 BochumDeutschland Tel.: [&hellip;]<\/p>\n","protected":false},"author":1,"featured_media":0,"parent":0,"menu_order":0,"comment_status":"closed","ping_status":"closed","template":"","meta":{"footnotes":""},"class_list":["post-77","page","type-page","status-publish","hentry"],"blocksy_meta":[],"_links":{"self":[{"href":"https:\/\/entrepreneurship.ruhr-uni-bochum.de\/en\/wp-json\/wp\/v2\/pages\/77","targetHints":{"allow":["GET"]}}],"collection":[{"href":"https:\/\/entrepreneurship.ruhr-uni-bochum.de\/en\/wp-json\/wp\/v2\/pages"}],"about":[{"href":"https:\/\/entrepreneurship.ruhr-uni-bochum.de\/en\/wp-json\/wp\/v2\/types\/page"}],"author":[{"embeddable":true,"href":"https:\/\/entrepreneurship.ruhr-uni-bochum.de\/en\/wp-json\/wp\/v2\/users\/1"}],"replies":[{"embeddable":true,"href":"https:\/\/entrepreneurship.ruhr-uni-bochum.de\/en\/wp-json\/wp\/v2\/comments?post=77"}],"version-history":[{"count":1,"href":"https:\/\/entrepreneurship.ruhr-uni-bochum.de\/en\/wp-json\/wp\/v2\/pages\/77\/revisions"}],"predecessor-version":[{"id":78,"href":"https:\/\/entrepreneurship.ruhr-uni-bochum.de\/en\/wp-json\/wp\/v2\/pages\/77\/revisions\/78"}],"wp:attachment":[{"href":"https:\/\/entrepreneurship.ruhr-uni-bochum.de\/en\/wp-json\/wp\/v2\/media?parent=77"}],"curies":[{"name":"wp","href":"https:\/\/api.w.org\/{rel}","templated":true}]}}